{"id":147,"date":"2020-06-01T13:45:03","date_gmt":"2020-06-01T13:45:03","guid":{"rendered":"http:\/\/galraorenovaveis.pt\/?page_id=147"},"modified":"2021-03-23T15:58:33","modified_gmt":"2021-03-23T15:58:33","slug":"energia-solar-fotovoltaica","status":"publish","type":"page","link":"https:\/\/galraorenovaveis.pt\/index.php\/servicos\/energia-solar-fotovoltaica\/","title":{"rendered":"Energia Solar Fotovoltaica"},"content":{"rendered":"\n<h2 class=\"has-text-align-center\">Instala\u00e7\u00e3o e Manuten\u00e7\u00e3o de pain\u00e9is solares fotovoltaicos<\/h2>\n\n\n\n<div class=\"wp-block-image\"><figure class=\"aligncenter size-large is-resized\"><img loading=\"lazy\" src=\"http:\/\/galraorenovaveis.pt\/wp-content\/uploads\/2020\/06\/Fotovoltaica.jpg\" alt=\"Energia Fotovoltaica\" class=\"wp-image-223\" width=\"772\" height=\"229\" srcset=\"https:\/\/galraorenovaveis.pt\/wp-content\/uploads\/2020\/06\/Fotovoltaica.jpg 709w, https:\/\/galraorenovaveis.pt\/wp-content\/uploads\/2020\/06\/Fotovoltaica-300x89.jpg 300w\" sizes=\"(max-width: 772px) 100vw, 772px\" \/><figcaption>Pain\u00e9is de Energia Fotovoltaica<\/figcaption><\/figure><\/div>\n\n\n\n<div class=\"wp-block-image\"><figure class=\"alignright size-large\"><img loading=\"lazy\" width=\"341\" height=\"247\" src=\"http:\/\/galraorenovaveis.pt\/wp-content\/uploads\/2020\/06\/PowerKit_full.jpg\" alt=\"Kit Fotovoltaico Auto-Consumo\" class=\"wp-image-226\" srcset=\"https:\/\/galraorenovaveis.pt\/wp-content\/uploads\/2020\/06\/PowerKit_full.jpg 341w, https:\/\/galraorenovaveis.pt\/wp-content\/uploads\/2020\/06\/PowerKit_full-300x217.jpg 300w\" sizes=\"(max-width: 341px) 100vw, 341px\" \/><figcaption>Kit Fotovoltaico Auto-Consumo<\/figcaption><\/figure><\/div>\n\n\n\n<p>Na Galr\u00e3o Renov\u00e1veis <strong>comercializamos, instalamos e procedemos \u00e0 manuten\u00e7\u00e3o de pain\u00e9is solares fotovoltaicos<\/strong> para Sistemas Aut\u00f3nomos, para Autoconsumo, para Micro-gera\u00e7\u00e3o e para Mini-gera\u00e7\u00e3o de energia.<\/p>\n\n\n\n<p>Trabalhamos com clientes Particulares e Empresariais, tanto da \u00e1rea do Com\u00e9rcio como da Ind\u00fastria.<\/p>\n\n\n\n<h3>As vantagens da energia solar fotovoltaica<\/h3>\n\n\n\n<p>Sendo Portugal um dos pa\u00edses da Europa com maior \u00edndice de radia\u00e7\u00e3o solar e com mais horas anuais de sol, esta energia pode ser aproveitada para a produ\u00e7\u00e3o de energia el\u00e9trica. Vantagens n\u00e3o faltam:<\/p>\n\n\n\n<h4>Redu\u00e7\u00e3o da conta de eletricidade<\/h4>\n\n\n\n<p>Numa perspetiva anual a energia fotovoltaica produzida e utilizada em regime de autoconsumo proporciona poupan\u00e7as significativas nos gastos com eletricidade<\/p>\n\n\n\n<h4>Energia limpa e renov\u00e1vel<\/h4>\n\n\n\n<p>Uma vez que os pain\u00e9is solares fotovoltaicos recorrem \u00e0 luz solar para produzir energia, t\u00eam baixo impacto ambiental e  uma fonte de energia inesgot\u00e1vel.<\/p>\n\n\n\n<h4>Diminui\u00e7\u00e3o da pegada ecol\u00f3gica<\/h4>\n\n\n\n<p>Ao gerar a sua pr\u00f3pria energia, n\u00e3o necessita de recorrer \u00e0 energia da rede que, na sua maioria, tem origem em combust\u00edveis f\u00f3sseis, respons\u00e1veis por elevadas emiss\u00f5es de gases para a atmosfera.<\/p>\n\n\n\n<h4>Solu\u00e7\u00e3o ao alcance de todos<\/h4>\n\n\n\n<p>O facto de estar dispon\u00edvel para qualquer titular de um contrato de fornecimento de energia el\u00e9trica torna a produ\u00e7\u00e3o da mesma e seu autoconsumo democr\u00e1ticos e ao alcance de todos.<\/p>\n\n\n\n<h3>Como escolher um sistema de pain\u00e9is solares fotovoltaicos<\/h3>\n\n\n\n<p>Na Galr\u00e3o Renov\u00e1veis primamos por apresentar a solu\u00e7\u00e3o que mellhor responde \u00e0s necessidades concretas de cada um dos nossos clientes. Assim, para dimensionarmos um sistema temos em conta o perfil de consumo que engloba os seguintes aspetos:<\/p>\n\n\n\n<ul><li>a pot\u00eancia dos aparelhos de consumo instalados<\/li><li>tempo de uso di\u00e1rio de cada um deles<\/li><li>o n\u00famero de dias de autonomia pretendidos<\/li><\/ul>\n\n\n\n<figure class=\"wp-block-image alignfull size-large\"><img loading=\"lazy\" width=\"1024\" height=\"166\" src=\"http:\/\/galraorenovaveis.pt\/wp-content\/uploads\/2020\/07\/Fotovoltaica-rodape\u03013-1-1024x166.jpg\" alt=\"Energia Fotovoltaica\" class=\"wp-image-428\" srcset=\"https:\/\/galraorenovaveis.pt\/wp-content\/uploads\/2020\/07\/Fotovoltaica-rodape\u03013-1-1024x166.jpg 1024w, https:\/\/galraorenovaveis.pt\/wp-content\/uploads\/2020\/07\/Fotovoltaica-rodape\u03013-1-300x49.jpg 300w, https:\/\/galraorenovaveis.pt\/wp-content\/uploads\/2020\/07\/Fotovoltaica-rodape\u03013-1-768x125.jpg 768w, https:\/\/galraorenovaveis.pt\/wp-content\/uploads\/2020\/07\/Fotovoltaica-rodape\u03013-1.jpg 1145w\" sizes=\"(max-width: 1024px) 100vw, 1024px\" \/><figcaption>Alguns projectos em energia fotovoltaica<\/figcaption><\/figure>\n\n\n<div role=\"form\" class=\"wpcf7\" id=\"wpcf7-f242-o1\" lang=\"pt-PT\" dir=\"ltr\">\n<div class=\"screen-reader-response\"><p role=\"status\" aria-live=\"polite\" aria-atomic=\"true\"><\/p> <ul><\/ul><\/div>\n<form action=\"\/index.php\/wp-json\/wp\/v2\/pages\/147#wpcf7-f242-o1\" method=\"post\" class=\"wpcf7-form init\" novalidate=\"novalidate\" data-status=\"init\">\n<div style=\"display: none;\">\n<input type=\"hidden\" name=\"_wpcf7\" value=\"242\" \/>\n<input type=\"hidden\" name=\"_wpcf7_version\" value=\"5.5.6\" \/>\n<input type=\"hidden\" name=\"_wpcf7_locale\" value=\"pt_PT\" \/>\n<input type=\"hidden\" name=\"_wpcf7_unit_tag\" value=\"wpcf7-f242-o1\" \/>\n<input type=\"hidden\" name=\"_wpcf7_container_post\" value=\"0\" \/>\n<input type=\"hidden\" name=\"_wpcf7_posted_data_hash\" value=\"\" \/>\n<\/div>\n<p>Para mais Informa\u00e7\u00f5es:<\/p>\n<p><label> O seu email (obrigat\u00f3rio)<br \/>\n    <span class=\"wpcf7-form-control-wrap your-email\"><input type=\"email\" name=\"your-email\" value=\"\" size=\"40\" class=\"wpcf7-form-control wpcf7-text wpcf7-email wpcf7-validates-as-required wpcf7-validates-as-email\" aria-required=\"true\" aria-invalid=\"false\" \/><\/span> <\/label><\/p>\n<p><label> A sua mensagem<br \/>\n    <span class=\"wpcf7-form-control-wrap your-message\"><textarea name=\"your-message\" cols=\"40\" rows=\"10\" class=\"wpcf7-form-control wpcf7-textarea\" aria-invalid=\"false\"><\/textarea><\/span> <\/label><\/p>\n<p><input type=\"submit\" value=\"Enviar\" class=\"wpcf7-form-control has-spinner wpcf7-submit\" \/><\/p>\n<p style=\"display: none !important;\" class=\"akismet-fields-container\" data-prefix=\"_wpcf7_ak_\"><label>&#916;<textarea name=\"_wpcf7_ak_hp_textarea\" cols=\"45\" rows=\"8\" maxlength=\"100\"><\/textarea><\/label><input type=\"hidden\" id=\"ak_js_1\" name=\"_wpcf7_ak_js\" value=\"106\"\/><script type=\"text\/javascript\">\ndocument.getElementById( \"ak_js_1\" ).setAttribute( \"value\", ( new Date() ).getTime() );\n<\/script>\n<\/p><div class=\"wpcf7-response-output\" aria-hidden=\"true\"><\/div><\/form><\/div>\n\n\n\n<p><\/p>\n","protected":false},"excerpt":{"rendered":"<p>Instala\u00e7\u00e3o e Manuten\u00e7\u00e3o de pain\u00e9is solares fotovoltaicos Na Galr\u00e3o Renov\u00e1veis comercializamos, instalamos e procedemos \u00e0 manuten\u00e7\u00e3o de pain\u00e9is solares fotovoltaicos para Sistemas Aut\u00f3nomos, para Autoconsumo, para Micro-gera\u00e7\u00e3o e para Mini-gera\u00e7\u00e3o de energia. Trabalhamos com clientes Particulares e Empresariais, tanto da \u00e1rea do Com\u00e9rcio como da &hellip; <a href=\"https:\/\/galraorenovaveis.pt\/index.php\/servicos\/energia-solar-fotovoltaica\/\" class=\"more-link\"><span>Continue reading<span class=\"screen-reader-text\">Energia Solar Fotovoltaica<\/span><\/span><\/a><\/p>\n","protected":false},"author":3,"featured_media":0,"parent":42,"menu_order":1,"comment_status":"closed","ping_status":"closed","template":"","meta":{"_joinchat":[]},"_links":{"self":[{"href":"https:\/\/galraorenovaveis.pt\/index.php\/wp-json\/wp\/v2\/pages\/147"}],"collection":[{"href":"https:\/\/galraorenovaveis.pt\/index.php\/wp-json\/wp\/v2\/pages"}],"about":[{"href":"https:\/\/galraorenovaveis.pt\/index.php\/wp-json\/wp\/v2\/types\/page"}],"author":[{"embeddable":true,"href":"https:\/\/galraorenovaveis.pt\/index.php\/wp-json\/wp\/v2\/users\/3"}],"replies":[{"embeddable":true,"href":"https:\/\/galraorenovaveis.pt\/index.php\/wp-json\/wp\/v2\/comments?post=147"}],"version-history":[{"count":20,"href":"https:\/\/galraorenovaveis.pt\/index.php\/wp-json\/wp\/v2\/pages\/147\/revisions"}],"predecessor-version":[{"id":478,"href":"https:\/\/galraorenovaveis.pt\/index.php\/wp-json\/wp\/v2\/pages\/147\/revisions\/478"}],"up":[{"embeddable":true,"href":"https:\/\/galraorenovaveis.pt\/index.php\/wp-json\/wp\/v2\/pages\/42"}],"wp:attachment":[{"href":"https:\/\/galraorenovaveis.pt\/index.php\/wp-json\/wp\/v2\/media?parent=147"}],"curies":[{"name":"wp","href":"https:\/\/api.w.org\/{rel}","templated":true}]}}