{"id":149,"date":"2020-06-01T13:45:34","date_gmt":"2020-06-01T13:45:34","guid":{"rendered":"http:\/\/galraorenovaveis.pt\/?page_id=149"},"modified":"2020-07-21T10:51:32","modified_gmt":"2020-07-21T10:51:32","slug":"ar-condicionado","status":"publish","type":"page","link":"https:\/\/galraorenovaveis.pt\/index.php\/servicos\/ar-condicionado\/","title":{"rendered":"Ar Condicionado"},"content":{"rendered":"\n<h2 class=\"has-text-align-center\">Com\u00e9rcio e instala\u00e7\u00e3o de equipamentos de ar condicionado<\/h2>\n\n\n\n<div class=\"wp-block-image\"><figure class=\"aligncenter size-large is-resized\"><img loading=\"lazy\" src=\"http:\/\/galraorenovaveis.pt\/wp-content\/uploads\/2020\/07\/equipamentos-de-ar-condicionado.jpg\" alt=\"Especialistas em Equipamentos de Ar Condicionado\" class=\"wp-image-448\" width=\"499\" height=\"311\"\/><\/figure><\/div>\n\n\n\n<p>Na Galr\u00e3o Renov\u00e1veis comercializamos, instalamos e fazemos a manuten\u00e7\u00e3o de aparelhos de ar condicionado das mais reputadas marcas do mercado.<\/p>\n\n\n\n<h3>Vantagens da instala\u00e7\u00e3o de ar condicionado no seu espa\u00e7o<\/h3>\n\n\n\n<p>A instala\u00e7\u00e3o de equipamentos de ar condicionado num espa\u00e7o, seja residencial, comercial ou industrial, traz in\u00fameras e ineg\u00e1veis vantagens. <\/p>\n\n\n\n<h4>Conforto<\/h4>\n\n\n\n<p>Ao controlar a temperatura ambiente, os aparelhos de ar condicionado proporcionam-lhe o conforto de desfrutar da temperatura que mais lhe agrada ao longo de todo o ano.<\/p>\n\n\n\n<h4>Efici\u00eancia<\/h4>\n\n\n\n<p>Os equipamentos de ar condicionado revelam-se bastante mais eficientes do que a maioria das restantes solu\u00e7\u00f5es de climatiza\u00e7\u00e3o de um espa\u00e7o.<\/p>\n\n\n\n<h4>Poupan\u00e7a<\/h4>\n\n\n\n<p>A instala\u00e7\u00e3o de um sistema de ar condicionado bem dimensionado pode levar a uma poupan\u00e7a de at\u00e9 75% no consumo de energia para aquecer ou arrefecer a sua casa, escrit\u00f3rio, loja ou outro tipo de instala\u00e7\u00e3o.<\/p>\n\n\n\n<h3 class=\"has-text-align-center\">Fatores a ter em conta na escolha do seu sistema de equipamentos de ar condicionado<\/h3>\n\n\n\n<ul><li>Efici\u00eancia energ\u00e9tica dos equipamentos &#8211; preferencialmente devem ter o r\u00f3tulo energ\u00e9tico A<\/li><li>Dimens\u00e3o do espa\u00e7o ou espa\u00e7os a climatizar<\/li><li>Sil\u00eancio do equipamento<\/li><li>Controlo da temperatura com tecnologia de invers\u00e3o<\/li><li>A import\u00e2ncia de ter ou n\u00e3o fun\u00e7\u00e3o de desumidifica\u00e7\u00e3o<\/li><\/ul>\n\n\n\n<h3>Como o ajudamos?<\/h3>\n\n\n\n<p>Queremos que tenha a melhor solu\u00e7\u00e3o de climatiza\u00e7\u00e3o para o seu espa\u00e7o. Por isso, estamos sempre ao seu lado.<\/p>\n\n\n\n<h4>Consultoria<\/h4>\n\n\n\n<p>Ajudamo-lo a escolher o melhor sistema de ar condicionado para que tenha conforto ao longo de todo o ano.<\/p>\n\n\n\n<h4>Instala\u00e7\u00e3o<\/h4>\n\n\n\n<p>Procedemos \u00e0 instala\u00e7\u00e3o dos aparelhos de ar condicionado, garantindo que ficam a funcionar em conformidade com todas as normas exigidas.<\/p>\n\n\n\n<h4>Manuten\u00e7\u00e3o<\/h4>\n\n\n\n<p>Fazemos a manuten\u00e7\u00e3o dos equipamentos para lhes prolongar o tempo de vida \u00fatil e para garantir a limpeza dos filtros, assegurando a sua sa\u00fade.<\/p>\n\n\n\n<h3>As fun\u00e7\u00f5es do ar condicionado<\/h3>\n\n\n\n<p>Desengane-se quem pensa que o ar condicionado serve apenas para arrefecer um espa\u00e7o. Os atuais equipamentos incorporam outras fun\u00e7\u00f5es al\u00e9m da simples climatiza\u00e7\u00e3o. Assim, ao adquirir um aparelho de ar condicionado obt\u00e9m:<\/p>\n\n\n\n<ul><li>Arrefecimento de um espa\u00e7o;<\/li><li>Aquecimento de divis\u00f5es, desde que o equipamento tenha a fun\u00e7\u00e3o Inverter;<\/li><li>Purifica\u00e7\u00e3o do ar, uma vez que v\u00eam equipados com filtros que filtram as poeiras, fumos e p\u00f3len presentes no ar;<\/li><li>Desumidifica\u00e7\u00e3o do espa\u00e7o, ajudando a limitar o crescimento de \u00e1caros e bolores;<\/li><li>Ventila\u00e7\u00e3o ao retirar o ar do interior, renovando-o com ar fresco do exterior, condicionado.<\/li><\/ul>\n\n\n<div role=\"form\" class=\"wpcf7\" id=\"wpcf7-f242-o1\" lang=\"pt-PT\" dir=\"ltr\">\n<div class=\"screen-reader-response\"><p role=\"status\" aria-live=\"polite\" aria-atomic=\"true\"><\/p> <ul><\/ul><\/div>\n<form action=\"\/index.php\/wp-json\/wp\/v2\/pages\/149#wpcf7-f242-o1\" method=\"post\" class=\"wpcf7-form init\" novalidate=\"novalidate\" data-status=\"init\">\n<div style=\"display: none;\">\n<input type=\"hidden\" name=\"_wpcf7\" value=\"242\" \/>\n<input type=\"hidden\" name=\"_wpcf7_version\" value=\"5.5.6\" \/>\n<input type=\"hidden\" name=\"_wpcf7_locale\" value=\"pt_PT\" \/>\n<input type=\"hidden\" name=\"_wpcf7_unit_tag\" value=\"wpcf7-f242-o1\" \/>\n<input type=\"hidden\" name=\"_wpcf7_container_post\" value=\"0\" \/>\n<input type=\"hidden\" name=\"_wpcf7_posted_data_hash\" value=\"\" \/>\n<\/div>\n<p>Para mais Informa\u00e7\u00f5es:<\/p>\n<p><label> O seu email (obrigat\u00f3rio)<br \/>\n    <span class=\"wpcf7-form-control-wrap your-email\"><input type=\"email\" name=\"your-email\" value=\"\" size=\"40\" class=\"wpcf7-form-control wpcf7-text wpcf7-email wpcf7-validates-as-required wpcf7-validates-as-email\" aria-required=\"true\" aria-invalid=\"false\" \/><\/span> <\/label><\/p>\n<p><label> A sua mensagem<br \/>\n    <span class=\"wpcf7-form-control-wrap your-message\"><textarea name=\"your-message\" cols=\"40\" rows=\"10\" class=\"wpcf7-form-control wpcf7-textarea\" aria-invalid=\"false\"><\/textarea><\/span> <\/label><\/p>\n<p><input type=\"submit\" value=\"Enviar\" class=\"wpcf7-form-control has-spinner wpcf7-submit\" \/><\/p>\n<p style=\"display: none !important;\" class=\"akismet-fields-container\" data-prefix=\"_wpcf7_ak_\"><label>&#916;<textarea name=\"_wpcf7_ak_hp_textarea\" cols=\"45\" rows=\"8\" maxlength=\"100\"><\/textarea><\/label><input type=\"hidden\" id=\"ak_js_1\" name=\"_wpcf7_ak_js\" value=\"67\"\/><script type=\"text\/javascript\">\ndocument.getElementById( \"ak_js_1\" ).setAttribute( \"value\", ( new Date() ).getTime() );\n<\/script>\n<\/p><div class=\"wpcf7-response-output\" aria-hidden=\"true\"><\/div><\/form><\/div>\n","protected":false},"excerpt":{"rendered":"<p>Com\u00e9rcio e instala\u00e7\u00e3o de equipamentos de ar condicionado Na Galr\u00e3o Renov\u00e1veis comercializamos, instalamos e fazemos a manuten\u00e7\u00e3o de aparelhos de ar condicionado das mais reputadas marcas do mercado. Vantagens da instala\u00e7\u00e3o de ar condicionado no seu espa\u00e7o A instala\u00e7\u00e3o de equipamentos de ar condicionado num &hellip; <a href=\"https:\/\/galraorenovaveis.pt\/index.php\/servicos\/ar-condicionado\/\" class=\"more-link\"><span>Continue reading<span class=\"screen-reader-text\">Ar Condicionado<\/span><\/span><\/a><\/p>\n","protected":false},"author":3,"featured_media":0,"parent":42,"menu_order":2,"comment_status":"closed","ping_status":"closed","template":"","meta":{"_joinchat":[]},"_links":{"self":[{"href":"https:\/\/galraorenovaveis.pt\/index.php\/wp-json\/wp\/v2\/pages\/149"}],"collection":[{"href":"https:\/\/galraorenovaveis.pt\/index.php\/wp-json\/wp\/v2\/pages"}],"about":[{"href":"https:\/\/galraorenovaveis.pt\/index.php\/wp-json\/wp\/v2\/types\/page"}],"author":[{"embeddable":true,"href":"https:\/\/galraorenovaveis.pt\/index.php\/wp-json\/wp\/v2\/users\/3"}],"replies":[{"embeddable":true,"href":"https:\/\/galraorenovaveis.pt\/index.php\/wp-json\/wp\/v2\/comments?post=149"}],"version-history":[{"count":12,"href":"https:\/\/galraorenovaveis.pt\/index.php\/wp-json\/wp\/v2\/pages\/149\/revisions"}],"predecessor-version":[{"id":476,"href":"https:\/\/galraorenovaveis.pt\/index.php\/wp-json\/wp\/v2\/pages\/149\/revisions\/476"}],"up":[{"embeddable":true,"href":"https:\/\/galraorenovaveis.pt\/index.php\/wp-json\/wp\/v2\/pages\/42"}],"wp:attachment":[{"href":"https:\/\/galraorenovaveis.pt\/index.php\/wp-json\/wp\/v2\/media?parent=149"}],"curies":[{"name":"wp","href":"https:\/\/api.w.org\/{rel}","templated":true}]}}