{"id":161,"date":"2020-06-01T13:48:20","date_gmt":"2020-06-01T13:48:20","guid":{"rendered":"http:\/\/galraorenovaveis.pt\/?page_id=161"},"modified":"2020-06-08T11:23:59","modified_gmt":"2020-06-08T11:23:59","slug":"sistemas-de-climatizacao","status":"publish","type":"page","link":"https:\/\/galraorenovaveis.pt\/index.php\/servicos\/sistemas-de-climatizacao\/","title":{"rendered":"Sistemas de Climatiza\u00e7\u00e3o"},"content":{"rendered":"\n<h3>Sistemas de Aquecimento para Particulares e Empresas<\/h3>\n\n\n\n<p>Aconselhamos, comercializamos e instalamos os mais diversos sistemas de climatiza\u00e7\u00e3o de modo a proporcionar aos nossos clientes o melhor conforto ao mais baixo custo. <\/p>\n\n\n\n<p>Para que possa desfrutar por mais tempo do seu sistema, temos tamb\u00e9m um servi\u00e7o de manuten\u00e7\u00e3o especializado, levado a cabo por profissionais altamente qualificados.<\/p>\n\n\n\n<h3>Os diferentes sistemas de climatiza\u00e7\u00e3o<\/h3>\n\n\n\n<p>Existem diversos sistemas de climatiza\u00e7\u00e3o e \u00e9 fundamental fazer uma avalia\u00e7\u00e3o da sua utiliza\u00e7\u00e3o antes de efetuar a sua escolha. Conhe\u00e7a-os um pouco melhor:<\/p>\n\n\n\n<h4>Piso Radiante<\/h4>\n\n\n\n<p>No piso radiante o calor \u00e9 distribu\u00eddo de um modo uniforme por todas as divis\u00f5es da casa, com uma sensa\u00e7\u00e3o \u00f3ptima de conforto e bem estar.<\/p>\n\n\n\n<h4>Radiadores<\/h4>\n\n\n\n<p>No sistema tradicional de radiadores, o aquecimento ambiente \u00e9 efectuado a partir de um ponto muito quente, com uma distribui\u00e7\u00e3o n\u00e3o uniforme da temperatura no espa\u00e7o interior.<\/p>\n\n\n\n<h4>Ventilo-Convectores<\/h4>\n\n\n\n<p>No caso dos ventilo-convetores, o aquecimento ou arrefecimento de um espa\u00e7o \u00e9 feito atrav\u00e9s da circula\u00e7\u00e3o de \u00e1gua quente ou fria no interior do equipamento. S\u00e3o uma op\u00e7\u00e3o silenciosa e eficiente em termos de energia.<\/p>\n\n\n\n<h4>Bombas de Calor<\/h4>\n\n\n\n<p>As bombas de calor s\u00e3o equipamentos que transferem calor de uma fonte fria para uma fonte quente. Funcionam atrav\u00e9s de um ciclo termodin\u00e2mico cujo objetivo \u00e9 receber calor de um corpo a baixa temperatura para transmitir calor a um ooutro corpo a altas temperaturas.<\/p>\n\n\n\n<h4>UTA&#8217;s<\/h4>\n\n\n\n<p>As Unidades de Tratamento de Ar (UTA&#8217;s) t\u00eam por fun\u00e7\u00e3o o condicionamento e a circula\u00e7\u00e3o do ar no sistema de aquecimento, de ventila\u00e7\u00e3o e de ar condicionado. No fundo, uma UTA recolhe ar do exterior, condiciona-o e introduz ar novo num determinado espa\u00e7o ou edif\u00edcio.<\/p>\n\n\n\n<h4>Biomassa<\/h4>\n\n\n\n<p>A&nbsp;Biomassa&nbsp;\u00e9 uma fonte de energia 100% natural e renov\u00e1vel, obtida atrav\u00e9s da decomposi\u00e7\u00e3o de recursos renov\u00e1veis, como a Lenha e Pellets. Produz calor em pequena escala e pode ser aplicada nas mais diversas \u00e1reas como o aquecimento de \u00e1guas sanit\u00e1rias, o aquecimento de divis\u00f5es, etc.<\/p>\n\n\n\n<h4>Ar Condicionado<\/h4>\n\n\n\n<p>Os equipamentos de ar condicionado s\u00e3o o sistema de climatiza\u00e7\u00e3o mais comum.<\/p>\n\n\n\n<p>Na sua maioria, os atuais aparelhos de ar condicionado acumulam as fun\u00e7\u00f5es de regula\u00e7\u00e3o da temperatura, da humidade, de limpeza e de distribui\u00e7\u00e3o do ar.<\/p>\n\n\n<div role=\"form\" class=\"wpcf7\" id=\"wpcf7-f242-o1\" lang=\"pt-PT\" dir=\"ltr\">\n<div class=\"screen-reader-response\"><p role=\"status\" aria-live=\"polite\" aria-atomic=\"true\"><\/p> <ul><\/ul><\/div>\n<form action=\"\/index.php\/wp-json\/wp\/v2\/pages\/161#wpcf7-f242-o1\" method=\"post\" class=\"wpcf7-form init\" novalidate=\"novalidate\" data-status=\"init\">\n<div style=\"display: none;\">\n<input type=\"hidden\" name=\"_wpcf7\" value=\"242\" \/>\n<input type=\"hidden\" name=\"_wpcf7_version\" value=\"5.5.6\" \/>\n<input type=\"hidden\" name=\"_wpcf7_locale\" value=\"pt_PT\" \/>\n<input type=\"hidden\" name=\"_wpcf7_unit_tag\" value=\"wpcf7-f242-o1\" \/>\n<input type=\"hidden\" name=\"_wpcf7_container_post\" value=\"0\" \/>\n<input type=\"hidden\" name=\"_wpcf7_posted_data_hash\" value=\"\" \/>\n<\/div>\n<p>Para mais Informa\u00e7\u00f5es:<\/p>\n<p><label> O seu email (obrigat\u00f3rio)<br \/>\n    <span class=\"wpcf7-form-control-wrap your-email\"><input type=\"email\" name=\"your-email\" value=\"\" size=\"40\" class=\"wpcf7-form-control wpcf7-text wpcf7-email wpcf7-validates-as-required wpcf7-validates-as-email\" aria-required=\"true\" aria-invalid=\"false\" \/><\/span> <\/label><\/p>\n<p><label> A sua mensagem<br \/>\n    <span class=\"wpcf7-form-control-wrap your-message\"><textarea name=\"your-message\" cols=\"40\" rows=\"10\" class=\"wpcf7-form-control wpcf7-textarea\" aria-invalid=\"false\"><\/textarea><\/span> <\/label><\/p>\n<p><input type=\"submit\" value=\"Enviar\" class=\"wpcf7-form-control has-spinner wpcf7-submit\" \/><\/p>\n<p style=\"display: none !important;\" class=\"akismet-fields-container\" data-prefix=\"_wpcf7_ak_\"><label>&#916;<textarea name=\"_wpcf7_ak_hp_textarea\" cols=\"45\" rows=\"8\" maxlength=\"100\"><\/textarea><\/label><input type=\"hidden\" id=\"ak_js_1\" name=\"_wpcf7_ak_js\" value=\"28\"\/><script type=\"text\/javascript\">\ndocument.getElementById( \"ak_js_1\" ).setAttribute( \"value\", ( new Date() ).getTime() );\n<\/script>\n<\/p><div class=\"wpcf7-response-output\" aria-hidden=\"true\"><\/div><\/form><\/div>\n","protected":false},"excerpt":{"rendered":"<p>Sistemas de Aquecimento para Particulares e Empresas Aconselhamos, comercializamos e instalamos os mais diversos sistemas de climatiza\u00e7\u00e3o de modo a proporcionar aos nossos clientes o melhor conforto ao mais baixo custo. Para que possa desfrutar por mais tempo do seu sistema, temos tamb\u00e9m um servi\u00e7o &hellip; <a href=\"https:\/\/galraorenovaveis.pt\/index.php\/servicos\/sistemas-de-climatizacao\/\" class=\"more-link\"><span>Continue reading<span class=\"screen-reader-text\">Sistemas de Climatiza\u00e7\u00e3o<\/span><\/span><\/a><\/p>\n","protected":false},"author":3,"featured_media":0,"parent":42,"menu_order":9,"comment_status":"closed","ping_status":"closed","template":"","meta":{"_joinchat":[]},"_links":{"self":[{"href":"https:\/\/galraorenovaveis.pt\/index.php\/wp-json\/wp\/v2\/pages\/161"}],"collection":[{"href":"https:\/\/galraorenovaveis.pt\/index.php\/wp-json\/wp\/v2\/pages"}],"about":[{"href":"https:\/\/galraorenovaveis.pt\/index.php\/wp-json\/wp\/v2\/types\/page"}],"author":[{"embeddable":true,"href":"https:\/\/galraorenovaveis.pt\/index.php\/wp-json\/wp\/v2\/users\/3"}],"replies":[{"embeddable":true,"href":"https:\/\/galraorenovaveis.pt\/index.php\/wp-json\/wp\/v2\/comments?post=161"}],"version-history":[{"count":7,"href":"https:\/\/galraorenovaveis.pt\/index.php\/wp-json\/wp\/v2\/pages\/161\/revisions"}],"predecessor-version":[{"id":281,"href":"https:\/\/galraorenovaveis.pt\/index.php\/wp-json\/wp\/v2\/pages\/161\/revisions\/281"}],"up":[{"embeddable":true,"href":"https:\/\/galraorenovaveis.pt\/index.php\/wp-json\/wp\/v2\/pages\/42"}],"wp:attachment":[{"href":"https:\/\/galraorenovaveis.pt\/index.php\/wp-json\/wp\/v2\/media?parent=161"}],"curies":[{"name":"wp","href":"https:\/\/api.w.org\/{rel}","templated":true}]}}